{"version":"1.0","provider_name":"La Maison des Artistes","provider_url":"https:\/\/www.lamaisondesartistes.fr\/site","author_name":"Louise PELLETIER","author_url":"https:\/\/www.lamaisondesartistes.fr\/site\/author\/louise-pelletierlamaisondesartistes-fr\/","title":"Lettre ouverte aux \u00e9lus et politiques - La Maison des Artistes","type":"rich","width":600,"height":338,"html":"<blockquote class=\"wp-embedded-content\" data-secret=\"WCa26CKEux\"><a href=\"https:\/\/www.lamaisondesartistes.fr\/site\/lettre-ouverte-aux-elus-et-politiques\/\">Lettre ouverte aux \u00e9lus et politiques<\/a><\/blockquote><iframe sandbox=\"allow-scripts\" security=\"restricted\" src=\"https:\/\/www.lamaisondesartistes.fr\/site\/lettre-ouverte-aux-elus-et-politiques\/embed\/#?secret=WCa26CKEux\" width=\"600\" height=\"338\" title=\"\u00ab\u00a0Lettre ouverte aux \u00e9lus et politiques\u00a0\u00bb &#8212; La Maison des Artistes\" data-secret=\"WCa26CKEux\" frameborder=\"0\" marginwidth=\"0\" marginheight=\"0\" scrolling=\"no\" class=\"wp-embedded-content\"><\/iframe><script type=\"text\/javascript\">\n\/* <![CDATA[ *\/\n\/*! This file is auto-generated *\/\n!function(d,l){\"use strict\";l.querySelector&&d.addEventListener&&\"undefined\"!=typeof URL&&(d.wp=d.wp||{},d.wp.receiveEmbedMessage||(d.wp.receiveEmbedMessage=function(e){var t=e.data;if((t||t.secret||t.message||t.value)&&!\/[^a-zA-Z0-9]\/.test(t.secret)){for(var s,r,n,a=l.querySelectorAll('iframe[data-secret=\"'+t.secret+'\"]'),o=l.querySelectorAll('blockquote[data-secret=\"'+t.secret+'\"]'),c=new RegExp(\"^https?:$\",\"i\"),i=0;i<o.length;i++)o[i].style.display=\"none\";for(i=0;i<a.length;i++)s=a[i],e.source===s.contentWindow&&(s.removeAttribute(\"style\"),\"height\"===t.message?(1e3<(r=parseInt(t.value,10))?r=1e3:~~r<200&&(r=200),s.height=r):\"link\"===t.message&&(r=new URL(s.getAttribute(\"src\")),n=new URL(t.value),c.test(n.protocol))&&n.host===r.host&&l.activeElement===s&&(d.top.location.href=t.value))}},d.addEventListener(\"message\",d.wp.receiveEmbedMessage,!1),l.addEventListener(\"DOMContentLoaded\",function(){for(var e,t,s=l.querySelectorAll(\"iframe.wp-embedded-content\"),r=0;r<s.length;r++)(t=(e=s[r]).getAttribute(\"data-secret\"))||(t=Math.random().toString(36).substring(2,12),e.src+=\"#?secret=\"+t,e.setAttribute(\"data-secret\",t)),e.contentWindow.postMessage({message:\"ready\",secret:t},\"*\")},!1)))}(window,document);\n\/\/# sourceURL=https:\/\/www.lamaisondesartistes.fr\/site\/wp-includes\/js\/wp-embed.min.js\n\/* ]]> *\/\n<\/script>\n","thumbnail_url":"https:\/\/www.lamaisondesartistes.fr\/site\/wp-content\/uploads\/2018\/06\/art-lasovsky-559569-unsplash.jpg","thumbnail_width":2048,"thumbnail_height":1536,"description":"Depuis janvier 2019, un d\u00e9bat national s\u2019est instaur\u00e9 en France \u00e0 l\u2019initiative du Pr\u00e9sident de la R\u00e9publique en r\u00e9ponse aux mouvements sociaux. Ce d\u00e9bat a suscit\u00e9 dans le champ de la Culture et dans celui des arts visuels qui nous concerne, de nombreuses r\u00e9actions (articles de presse, proposition de loi, p\u00e9titions, prises de position, etc.).... Voir l'article"}