{"version":"1.0","provider_name":"La Maison des Artistes","provider_url":"https:\/\/www.lamaisondesartistes.fr\/site","author_name":"pflorella","author_url":"https:\/\/www.lamaisondesartistes.fr\/site\/author\/pflorella\/","title":"Commission In\u00e9galit\u00e9s et VHSS - La Maison des Artistes","type":"rich","width":600,"height":338,"html":"<blockquote class=\"wp-embedded-content\" data-secret=\"ZFJw0qD2Wa\"><a href=\"https:\/\/www.lamaisondesartistes.fr\/site\/les-commissions\/commission-femmes-artistes\/\">Commission In\u00e9galit\u00e9s et VHSS<\/a><\/blockquote><iframe sandbox=\"allow-scripts\" security=\"restricted\" src=\"https:\/\/www.lamaisondesartistes.fr\/site\/les-commissions\/commission-femmes-artistes\/embed\/#?secret=ZFJw0qD2Wa\" width=\"600\" height=\"338\" title=\"\u00ab\u00a0Commission In\u00e9galit\u00e9s et VHSS\u00a0\u00bb &#8212; La Maison des Artistes\" data-secret=\"ZFJw0qD2Wa\" frameborder=\"0\" marginwidth=\"0\" marginheight=\"0\" scrolling=\"no\" class=\"wp-embedded-content\"><\/iframe><script type=\"text\/javascript\">\n\/* <![CDATA[ *\/\n\/*! This file is auto-generated *\/\n!function(d,l){\"use strict\";l.querySelector&&d.addEventListener&&\"undefined\"!=typeof URL&&(d.wp=d.wp||{},d.wp.receiveEmbedMessage||(d.wp.receiveEmbedMessage=function(e){var t=e.data;if((t||t.secret||t.message||t.value)&&!\/[^a-zA-Z0-9]\/.test(t.secret)){for(var s,r,n,a=l.querySelectorAll('iframe[data-secret=\"'+t.secret+'\"]'),o=l.querySelectorAll('blockquote[data-secret=\"'+t.secret+'\"]'),c=new RegExp(\"^https?:$\",\"i\"),i=0;i<o.length;i++)o[i].style.display=\"none\";for(i=0;i<a.length;i++)s=a[i],e.source===s.contentWindow&&(s.removeAttribute(\"style\"),\"height\"===t.message?(1e3<(r=parseInt(t.value,10))?r=1e3:~~r<200&&(r=200),s.height=r):\"link\"===t.message&&(r=new URL(s.getAttribute(\"src\")),n=new URL(t.value),c.test(n.protocol))&&n.host===r.host&&l.activeElement===s&&(d.top.location.href=t.value))}},d.addEventListener(\"message\",d.wp.receiveEmbedMessage,!1),l.addEventListener(\"DOMContentLoaded\",function(){for(var e,t,s=l.querySelectorAll(\"iframe.wp-embedded-content\"),r=0;r<s.length;r++)(t=(e=s[r]).getAttribute(\"data-secret\"))||(t=Math.random().toString(36).substring(2,12),e.src+=\"#?secret=\"+t,e.setAttribute(\"data-secret\",t)),e.contentWindow.postMessage({message:\"ready\",secret:t},\"*\")},!1)))}(window,document);\n\/\/# sourceURL=https:\/\/www.lamaisondesartistes.fr\/site\/wp-includes\/js\/wp-embed.min.js\n\/* ]]> *\/\n<\/script>\n","description":"En mars, La Maison des Artistes s\u2019est mobilis\u00e9e pour les femmes artistes. Parce que les in\u00e9galit\u00e9s entre les femmes et les hommes persistent encore dans le secteur culturel \u2014 en mati\u00e8re de visibilit\u00e9, de reconnaissance, de r\u00e9mun\u00e9ration, de repr\u00e9sentation et d\u2019acc\u00e8s aux opportunit\u00e9s \u2014 il est indispensable de continuer \u00e0 ouvrir des espaces de parole,... Voir l'article","thumbnail_url":"https:\/\/www.lamaisondesartistes.fr\/site\/wp-content\/uploads\/2026\/03\/Banniere-LinkedIn-JNA-14-700x118.jpg"}