{"version":"1.0","provider_name":"La Maison des Artistes","provider_url":"https:\/\/www.lamaisondesartistes.fr\/site","author_name":"Calixte","author_url":"https:\/\/www.lamaisondesartistes.fr\/site\/author\/cvernier\/","title":"FERMETURE DE LA MAPRAA LE 31 DECEMBRE 2023 - La Maison des Artistes","type":"rich","width":600,"height":338,"html":"<blockquote class=\"wp-embedded-content\" data-secret=\"4zt8kD9yCD\"><a href=\"https:\/\/www.lamaisondesartistes.fr\/site\/la-mapraa-condamnee-a-disparaitre\/\">FERMETURE DE LA MAPRAA LE 31 DECEMBRE 2023<\/a><\/blockquote><iframe sandbox=\"allow-scripts\" security=\"restricted\" src=\"https:\/\/www.lamaisondesartistes.fr\/site\/la-mapraa-condamnee-a-disparaitre\/embed\/#?secret=4zt8kD9yCD\" width=\"600\" height=\"338\" title=\"\u00ab\u00a0FERMETURE DE LA MAPRAA LE 31 DECEMBRE 2023\u00a0\u00bb &#8212; La Maison des Artistes\" data-secret=\"4zt8kD9yCD\" frameborder=\"0\" marginwidth=\"0\" marginheight=\"0\" scrolling=\"no\" class=\"wp-embedded-content\"><\/iframe><script type=\"text\/javascript\">\n\/* <![CDATA[ *\/\n\/*! This file is auto-generated *\/\n!function(d,l){\"use strict\";l.querySelector&&d.addEventListener&&\"undefined\"!=typeof URL&&(d.wp=d.wp||{},d.wp.receiveEmbedMessage||(d.wp.receiveEmbedMessage=function(e){var t=e.data;if((t||t.secret||t.message||t.value)&&!\/[^a-zA-Z0-9]\/.test(t.secret)){for(var s,r,n,a=l.querySelectorAll('iframe[data-secret=\"'+t.secret+'\"]'),o=l.querySelectorAll('blockquote[data-secret=\"'+t.secret+'\"]'),c=new RegExp(\"^https?:$\",\"i\"),i=0;i<o.length;i++)o[i].style.display=\"none\";for(i=0;i<a.length;i++)s=a[i],e.source===s.contentWindow&&(s.removeAttribute(\"style\"),\"height\"===t.message?(1e3<(r=parseInt(t.value,10))?r=1e3:~~r<200&&(r=200),s.height=r):\"link\"===t.message&&(r=new URL(s.getAttribute(\"src\")),n=new URL(t.value),c.test(n.protocol))&&n.host===r.host&&l.activeElement===s&&(d.top.location.href=t.value))}},d.addEventListener(\"message\",d.wp.receiveEmbedMessage,!1),l.addEventListener(\"DOMContentLoaded\",function(){for(var e,t,s=l.querySelectorAll(\"iframe.wp-embedded-content\"),r=0;r<s.length;r++)(t=(e=s[r]).getAttribute(\"data-secret\"))||(t=Math.random().toString(36).substring(2,12),e.src+=\"#?secret=\"+t,e.setAttribute(\"data-secret\",t)),e.contentWindow.postMessage({message:\"ready\",secret:t},\"*\")},!1)))}(window,document);\n\/\/# sourceURL=https:\/\/www.lamaisondesartistes.fr\/site\/wp-includes\/js\/wp-embed.min.js\n\/* ]]> *\/\n<\/script>\n","thumbnail_url":"https:\/\/www.lamaisondesartistes.fr\/site\/wp-content\/uploads\/2023\/06\/logo-MAPRAA_102.jpg","thumbnail_width":500,"thumbnail_height":102,"description":"Nous relayons naturellement l\u2019appel de la MAPRAA, par fid\u00e9lit\u00e9 \u00e0 toutes nos anciennes collaborations, alors que le pr\u00e9sident Alain Lovato, f\u00fbt le vice-pr\u00e9sident de la MdA durant plusieurs mandats et pr\u00e9sident par int\u00e9rim. La proximit\u00e9 de nos pr\u00e9occupations concernant nos professions, s\u2019est toujours exprim\u00e9e dans la m\u00eame conception de la solidarit\u00e9 professionnelle et de la... Voir l'article"}